{"id":8702,"date":"2021-09-28T13:38:53","date_gmt":"2021-09-28T13:38:53","guid":{"rendered":"https:\/\/ffri.uniri.hr\/?page_id=8702"},"modified":"2026-08-31T09:58:50","modified_gmt":"2026-08-31T09:58:50","slug":"careers-office","status":"publish","type":"page","link":"https:\/\/ffri.uniri.hr\/en\/outreach-and-engagement\/careers-office\/","title":{"rendered":"The Career Office of the Faculty of Humanities and Social Sciences"},"content":{"rendered":"\n<p>The Career Office of the Faculty of Humanities and Social Sciences, University of Rijeka, was established in July 2021 as part of the <strong><em>PerPeTuUm aGile<\/em><\/strong> project (<a href=\"https:\/\/perpetuumagile.uniri.hr\/\" target=\"_blank\" rel=\"noreferrer noopener\">https:\/\/perpetuumagile.uniri.hr\/<\/a>), funded by the European Social Fund (ESF) under the Operational Programme Efficient Human Resources 2014\u20132020. The project aimed to enhance existing models of professional practice and develop new ones within the Faculty\u2019s study programmes.<\/p>\n\n\n\n<p>Today, the Career Office serves as a central link between students, alumni, employers, and the academic community. Its activities are aimed at enhancing graduate employability, expanding professional practice opportunities and strengthening students\u2019 career competencies. Through the continuous development of a network of professional practice partners, close collaboration with employers, the organisation of workshops, lectures, career fairs, and individual career counselling, as well as the monitoring of graduate employability and labour market needs, the Office actively contributes to improving the quality of education and supporting students in their transition from higher education to the labour market.<\/p>\n\n\n\n<p>Since its establishment, the Career Office has initiated approximately 60 cooperation agreements with employers, organised almost 40 workshops, lectures, and other educational activities involving nearly 900 participants, established a systematic framework for monitoring graduate employability and employer satisfaction, and implemented numerous initiatives aimed at promoting professional practice and strengthening students\u2019 career competencies.<\/p>\n\n\n\n<p>One of the Career Office\u2019s most significant achievements is its role in the<strong><em> KOMPAS FFRI<\/em><\/strong> ESF+ project, jointly implemented by the Academic Support Office and the Career Office. The project is designed to further strengthen the Faculty\u2019s professional practice system and student support services. It was approved under the call <em>Improving Employability through Professional Practice in Higher Education <\/em>within the Efficient Human Resources Programme 2021\u20132027, with a 36-month implementation period from 24 June 2026 to 24 June 2029. The total project budget amounts to \u20ac328,336.42 and is co-financed by the European Social Fund Plus (85%) and the State Budget of the Republic of Croatia (15%).<\/p>\n\n\n\n<p>The <em>Gallery <\/em>provides a chronological overview of the Career Office\u2019s activities since its establishment, accompanied by photographs and information about the events held. It reflects the Office\u2019s continuous development, its cooperation with numerous partners from the public, private and civil society sectors, and its ongoing commitment to enhancing the employability and professional competencies of the Faculty\u2019s students.<\/p>\n\n\n\n<p>You can follow the activities of the Career Office through its official Facebook and Instagram profiles, which provide regular updates on upcoming events, past activities, professional practice opportunities, career development and other student-focused initiatives.<\/p>\n\n\n\n<p><strong>Facebook: <br><\/strong><a href=\"https:\/\/www.facebook.com\/profile.php?id=100064289374020\" target=\"_blank\" rel=\"noreferrer noopener\">https:\/\/www.facebook.com\/profile.php?id=100064289374020<\/a><\/p>\n\n\n\n<p><strong>Instagram: <br><\/strong><a href=\"https:\/\/www.instagram.com\/karijereffri\/\" target=\"_blank\" rel=\"noreferrer noopener\">https:\/\/www.instagram.com\/karijereffri\/<\/a><\/p>\n\n\n\n<h3 class=\"wp-block-heading\">CONTACT<\/h3>\n\n\n\n<p><strong>Katarina Vorkapi\u0107 <br>Head of the Career Office<\/strong><\/p>\n\n\n\n<p><strong>E-mail:<\/strong> karijere@ffri.uniri.hr <\/p>\n\n\n\n<p><strong>Office:<\/strong> F-468, 4th Floor<\/p>\n\n\n\n<p><strong>Phone:<\/strong> +385 (0)51 265 715<\/p>\n\n\n\n<p><\/p>\n\n\n<div class=\"wp-block-ub-content-toggle wp-block-ub-content-toggle-block\" id=\"ub-content-toggle-block-1da642f8-b44e-4c05-b98a-20abb320c3ad\" data-mobilecollapse=\"false\" data-desktopcollapse=\"true\" data-preventcollapse=\"false\" data-showonlyone=\"false\">\n<div class=\"wp-block-ub-content-toggle-accordion\" style=\"border-color: #f1f1f1;\" id=\"ub-content-toggle-panel-block-\">\n\t\t\t<div class=\"wp-block-ub-content-toggle-accordion-title-wrap\" style=\"background-color: #f1f1f1;\" aria-controls=\"ub-content-toggle-panel-0-1da642f8-b44e-4c05-b98a-20abb320c3ad\" tabindex=\"0\">\n\t\t\t<p class=\"wp-block-ub-content-toggle-accordion-title ub-content-toggle-title-1da642f8-b44e-4c05-b98a-20abb320c3ad\" style=\"color: #000000; \">GALLERY<\/p>\n\t\t\t<div class=\"wp-block-ub-content-toggle-accordion-toggle-wrap right\" style=\"color: #000000;\"><span class=\"wp-block-ub-content-toggle-accordion-state-indicator wp-block-ub-chevron-down\"><\/span><\/div>\n\t\t<\/div>\n\t\t\t<div role=\"region\" aria-expanded=\"false\" class=\"wp-block-ub-content-toggle-accordion-content-wrap ub-hide\" id=\"ub-content-toggle-panel-0-1da642f8-b44e-4c05-b98a-20abb320c3ad\">\n\n<p><\/p>\n\n\n\n<figure class=\"wp-block-image aligncenter size-full is-resized\"><img fetchpriority=\"high\" decoding=\"async\" width=\"747\" height=\"531\" src=\"https:\/\/ffri.uniri.hr\/wp-content\/uploads\/image-63.png\" alt=\"\" class=\"wp-image-18871\" style=\"width:718px;height:auto\" srcset=\"https:\/\/ffri.uniri.hr\/wp-content\/uploads\/image-63.png 747w, https:\/\/ffri.uniri.hr\/wp-content\/uploads\/image-63-300x213.png 300w\" sizes=\"(max-width: 747px) 100vw, 747px\" \/><figcaption class=\"wp-element-caption\">Predavanje i radionica \u201e\u0160to kad se prvi put zaposlim kao u\u010ditelj ili stru\u010dni suradnik?\u201d, 14. 5. 2026.<\/figcaption><\/figure>\n\n\n\n<figure class=\"wp-block-image aligncenter size-full is-resized\"><img decoding=\"async\" width=\"725\" height=\"963\" src=\"https:\/\/ffri.uniri.hr\/wp-content\/uploads\/image-62.png\" alt=\"\" class=\"wp-image-18870\" style=\"width:719px;height:auto\" srcset=\"https:\/\/ffri.uniri.hr\/wp-content\/uploads\/image-62.png 725w, https:\/\/ffri.uniri.hr\/wp-content\/uploads\/image-62-226x300.png 226w\" sizes=\"(max-width: 725px) 100vw, 725px\" \/><figcaption class=\"wp-element-caption\">\u201eDani otvorenih vrata Filozofskoga fakulteta u Rijeci\u201d, 4. i 5. 5. 2026.<\/figcaption><\/figure>\n\n\n\n<figure class=\"wp-block-image aligncenter size-full is-resized\"><img decoding=\"async\" width=\"700\" height=\"525\" src=\"https:\/\/ffri.uniri.hr\/wp-content\/uploads\/image-61.png\" alt=\"\" class=\"wp-image-18869\" style=\"width:720px;height:auto\" srcset=\"https:\/\/ffri.uniri.hr\/wp-content\/uploads\/image-61.png 700w, https:\/\/ffri.uniri.hr\/wp-content\/uploads\/image-61-300x225.png 300w\" sizes=\"(max-width: 700px) 100vw, 700px\" \/><figcaption class=\"wp-element-caption\"><a>\u201e<\/a>Sajam fakulteta\u201d na \u010cavlima, 17. 4. 2026.<\/figcaption><\/figure>\n\n\n\n<figure class=\"wp-block-image aligncenter size-full is-resized\"><img loading=\"lazy\" decoding=\"async\" width=\"689\" height=\"517\" src=\"https:\/\/ffri.uniri.hr\/wp-content\/uploads\/image-60.png\" alt=\"\" class=\"wp-image-18868\" style=\"width:721px;height:auto\" srcset=\"https:\/\/ffri.uniri.hr\/wp-content\/uploads\/image-60.png 689w, https:\/\/ffri.uniri.hr\/wp-content\/uploads\/image-60-300x225.png 300w\" sizes=\"(max-width: 689px) 100vw, 689px\" \/><figcaption class=\"wp-element-caption\">Predavanje i interaktivna radionica \u201eKako komunicirati i djelovati u interkulturalnom okru\u017eenju te kako umjetna inteligencija utje\u010de na komunikaciju?\u201d, 16. 4. 2026.<\/figcaption><\/figure>\n\n\n\n<figure class=\"wp-block-image aligncenter size-full is-resized\"><img loading=\"lazy\" decoding=\"async\" width=\"687\" height=\"498\" src=\"https:\/\/ffri.uniri.hr\/wp-content\/uploads\/image-59.png\" alt=\"\" class=\"wp-image-18867\" style=\"width:721px;height:auto\" srcset=\"https:\/\/ffri.uniri.hr\/wp-content\/uploads\/image-59.png 687w, https:\/\/ffri.uniri.hr\/wp-content\/uploads\/image-59-300x217.png 300w\" sizes=\"(max-width: 687px) 100vw, 687px\" \/><figcaption class=\"wp-element-caption\"><a>\u201e<\/a>Dan karijera<a>\u201d<\/a> u Srednjoj \u0161koli Ivan \u0160vear Ivani\u0107 Grad, 15. 4. 2026.<\/figcaption><\/figure>\n\n\n\n<figure class=\"wp-block-image aligncenter size-full is-resized\"><img loading=\"lazy\" decoding=\"async\" width=\"664\" height=\"498\" src=\"https:\/\/ffri.uniri.hr\/wp-content\/uploads\/image-58.png\" alt=\"\" class=\"wp-image-18866\" style=\"width:720px;height:auto\" srcset=\"https:\/\/ffri.uniri.hr\/wp-content\/uploads\/image-58.png 664w, https:\/\/ffri.uniri.hr\/wp-content\/uploads\/image-58-300x225.png 300w\" sizes=\"(max-width: 664px) 100vw, 664px\" \/><figcaption class=\"wp-element-caption\">Prezentacija \u201eLove Carpe Diem animacijskog programa\u201d, 26. 3. 2026.<\/figcaption><\/figure>\n\n\n\n<figure class=\"wp-block-image aligncenter size-full is-resized\"><img loading=\"lazy\" decoding=\"async\" width=\"655\" height=\"491\" src=\"https:\/\/ffri.uniri.hr\/wp-content\/uploads\/image-57.png\" alt=\"\" class=\"wp-image-18865\" style=\"width:727px;height:auto\" srcset=\"https:\/\/ffri.uniri.hr\/wp-content\/uploads\/image-57.png 655w, https:\/\/ffri.uniri.hr\/wp-content\/uploads\/image-57-300x225.png 300w\" sizes=\"(max-width: 655px) 100vw, 655px\" \/><figcaption class=\"wp-element-caption\">Posjet u\u010denica Ekonomske \u0161kole Mije Mirkovi\u0107a Rijeka, 9. 3. 2026.<\/figcaption><\/figure>\n\n\n\n<figure class=\"wp-block-image aligncenter size-full is-resized\"><img loading=\"lazy\" decoding=\"async\" width=\"664\" height=\"498\" src=\"https:\/\/ffri.uniri.hr\/wp-content\/uploads\/image-56.png\" alt=\"\" class=\"wp-image-18864\" style=\"width:728px;height:auto\" srcset=\"https:\/\/ffri.uniri.hr\/wp-content\/uploads\/image-56.png 664w, https:\/\/ffri.uniri.hr\/wp-content\/uploads\/image-56-300x225.png 300w\" sizes=\"(max-width: 664px) 100vw, 664px\" \/><figcaption class=\"wp-element-caption\">Radionica <a>\u201e<\/a>Volontiranje i u\u010denje<a>\u201d<\/a>, 5. 3. 2026.<\/figcaption><\/figure>\n\n\n\n<figure class=\"wp-block-image aligncenter size-full is-resized\"><img loading=\"lazy\" decoding=\"async\" width=\"744\" height=\"558\" src=\"https:\/\/ffri.uniri.hr\/wp-content\/uploads\/image-52.png\" alt=\"\" class=\"wp-image-18087\" style=\"width:734px\" srcset=\"https:\/\/ffri.uniri.hr\/wp-content\/uploads\/image-52.png 744w, https:\/\/ffri.uniri.hr\/wp-content\/uploads\/image-52-300x225.png 300w\" sizes=\"(max-width: 744px) 100vw, 744px\" \/><figcaption class=\"wp-element-caption\">\u201eDan poslova\u201d Hrvatskoga zavoda za zapo\u0161ljavanje, 12. 2. 2026.<\/figcaption><\/figure>\n\n\n\n<figure class=\"wp-block-image aligncenter size-full is-resized\"><img loading=\"lazy\" decoding=\"async\" width=\"717\" height=\"538\" src=\"https:\/\/ffri.uniri.hr\/wp-content\/uploads\/image-51.png\" alt=\"\" class=\"wp-image-18086\" style=\"width:734px\" srcset=\"https:\/\/ffri.uniri.hr\/wp-content\/uploads\/image-51.png 717w, https:\/\/ffri.uniri.hr\/wp-content\/uploads\/image-51-300x225.png 300w\" sizes=\"(max-width: 717px) 100vw, 717px\" \/><figcaption class=\"wp-element-caption\">Predavanje \u201eLjudska prava djece s te\u0161ko\u0107ama u razvoju i osoba s invaliditetom<br>iz perspektive Pravobranitelja za osobe s invaliditetom\u201d, 29. 1. 2026.<\/figcaption><\/figure>\n\n\n\n<figure class=\"wp-block-image aligncenter size-full is-resized\"><img loading=\"lazy\" decoding=\"async\" width=\"727\" height=\"608\" src=\"https:\/\/ffri.uniri.hr\/wp-content\/uploads\/image-50.png\" alt=\"\" class=\"wp-image-18085\" style=\"width:734px\" srcset=\"https:\/\/ffri.uniri.hr\/wp-content\/uploads\/image-50.png 727w, https:\/\/ffri.uniri.hr\/wp-content\/uploads\/image-50-300x251.png 300w\" sizes=\"(max-width: 727px) 100vw, 727px\" \/><figcaption class=\"wp-element-caption\">Radionica \u201eFeel the Beat\u201d, 18. 12. 2025.<\/figcaption><\/figure>\n\n\n\n<figure class=\"wp-block-image aligncenter size-full is-resized\"><img loading=\"lazy\" decoding=\"async\" width=\"708\" height=\"531\" src=\"https:\/\/ffri.uniri.hr\/wp-content\/uploads\/image-49.png\" alt=\"\" class=\"wp-image-18084\" style=\"width:734px\" srcset=\"https:\/\/ffri.uniri.hr\/wp-content\/uploads\/image-49.png 708w, https:\/\/ffri.uniri.hr\/wp-content\/uploads\/image-49-300x225.png 300w\" sizes=\"(max-width: 708px) 100vw, 708px\" \/><figcaption class=\"wp-element-caption\">Predavanje <a>\u201e<\/a>Malim koracima do velikih rezultata u u\u010denju i radu\u201d, 11. 12. 2025.<\/figcaption><\/figure>\n\n\n\n<figure class=\"wp-block-image aligncenter size-full is-resized\"><img loading=\"lazy\" decoding=\"async\" width=\"708\" height=\"547\" src=\"https:\/\/ffri.uniri.hr\/wp-content\/uploads\/image-48.png\" alt=\"\" class=\"wp-image-18083\" style=\"width:734px\" srcset=\"https:\/\/ffri.uniri.hr\/wp-content\/uploads\/image-48.png 708w, https:\/\/ffri.uniri.hr\/wp-content\/uploads\/image-48-300x232.png 300w\" sizes=\"(max-width: 708px) 100vw, 708px\" \/><figcaption class=\"wp-element-caption\">Izlet uz \u0160kurinjski potok, 6. 12. 2025.<\/figcaption><\/figure>\n\n\n\n<figure class=\"wp-block-image aligncenter size-full is-resized\"><img loading=\"lazy\" decoding=\"async\" width=\"719\" height=\"618\" src=\"https:\/\/ffri.uniri.hr\/wp-content\/uploads\/image-47.png\" alt=\"\" class=\"wp-image-18082\" style=\"width:734px\" srcset=\"https:\/\/ffri.uniri.hr\/wp-content\/uploads\/image-47.png 719w, https:\/\/ffri.uniri.hr\/wp-content\/uploads\/image-47-300x258.png 300w\" sizes=\"(max-width: 719px) 100vw, 719px\" \/><figcaption class=\"wp-element-caption\">Radionica \u201eBudi promjena: doprinos zajednici kroz podr\u0161ku djeci s te\u0161ko\u0107ama\u201d, 6. 11. 2025.<\/figcaption><\/figure>\n\n\n\n<figure class=\"wp-block-image aligncenter is-resized\"><img loading=\"lazy\" decoding=\"async\" width=\"722\" height=\"542\" src=\"https:\/\/ffri.uniri.hr\/wp-content\/uploads\/image-46.png\" alt=\"\" class=\"wp-image-18081\" style=\"width:734px\" srcset=\"https:\/\/ffri.uniri.hr\/wp-content\/uploads\/image-46.png 722w, https:\/\/ffri.uniri.hr\/wp-content\/uploads\/image-46-300x225.png 300w\" sizes=\"(max-width: 722px) 100vw, 722px\" \/><figcaption class=\"wp-element-caption\">Meet &amp; Greet 2025 \u2013 Dan stru\u010dne prakse, karijera i volontiranja, 15. 10. 2025.<\/figcaption><\/figure>\n\n\n\n<figure class=\"wp-block-image aligncenter size-full is-resized\"><img loading=\"lazy\" decoding=\"async\" width=\"546\" height=\"410\" src=\"https:\/\/ffri.uniri.hr\/wp-content\/uploads\/image-31.png\" alt=\"\" class=\"wp-image-16417\" style=\"width:734px;height:auto\" srcset=\"https:\/\/ffri.uniri.hr\/wp-content\/uploads\/image-31.png 546w, https:\/\/ffri.uniri.hr\/wp-content\/uploads\/image-31-300x225.png 300w\" sizes=\"(max-width: 546px) 100vw, 546px\" \/><figcaption class=\"wp-element-caption\">Predavanje \u201eInternetsko nasilje: Pravni i dru\u0161tveni izazovi\u201c, 22. 5. 2025.<\/figcaption><\/figure>\n\n\n\n<figure class=\"wp-block-image aligncenter size-full is-resized\"><img loading=\"lazy\" decoding=\"async\" width=\"543\" height=\"407\" src=\"https:\/\/ffri.uniri.hr\/wp-content\/uploads\/image-32.png\" alt=\"\" class=\"wp-image-16419\" style=\"width:734px;height:auto\" srcset=\"https:\/\/ffri.uniri.hr\/wp-content\/uploads\/image-32.png 543w, https:\/\/ffri.uniri.hr\/wp-content\/uploads\/image-32-300x225.png 300w\" sizes=\"(max-width: 543px) 100vw, 543px\" \/><figcaption class=\"wp-element-caption\">Izlet uz \u0160kurinjski potok, 17. 5. 2025.<\/figcaption><\/figure>\n\n\n\n<figure class=\"wp-block-image aligncenter size-full is-resized\"><img loading=\"lazy\" decoding=\"async\" width=\"543\" height=\"407\" src=\"https:\/\/ffri.uniri.hr\/wp-content\/uploads\/image-33.png\" alt=\"\" class=\"wp-image-16420\" style=\"width:734px;height:auto\" srcset=\"https:\/\/ffri.uniri.hr\/wp-content\/uploads\/image-33.png 543w, https:\/\/ffri.uniri.hr\/wp-content\/uploads\/image-33-300x225.png 300w\" sizes=\"(max-width: 543px) 100vw, 543px\" \/><figcaption class=\"wp-element-caption\">Predavanje \u201eUgovor o radu \u2013 moja prava i obveze\u201c, 24. 4. 2025.<\/figcaption><\/figure>\n\n\n\n<figure class=\"wp-block-image aligncenter size-full is-resized\"><img loading=\"lazy\" decoding=\"async\" width=\"595\" height=\"446\" src=\"https:\/\/ffri.uniri.hr\/wp-content\/uploads\/image-34.png\" alt=\"\" class=\"wp-image-16421\" style=\"width:734px;height:auto\" srcset=\"https:\/\/ffri.uniri.hr\/wp-content\/uploads\/image-34.png 595w, https:\/\/ffri.uniri.hr\/wp-content\/uploads\/image-34-300x225.png 300w\" sizes=\"(max-width: 595px) 100vw, 595px\" \/><figcaption class=\"wp-element-caption\">Radionica \u201ePoslovna kultura\u201d, 10. 4. 2025.<\/figcaption><\/figure>\n\n\n\n<figure class=\"wp-block-image aligncenter size-full is-resized\"><img loading=\"lazy\" decoding=\"async\" width=\"595\" height=\"446\" src=\"https:\/\/ffri.uniri.hr\/wp-content\/uploads\/image-35.png\" alt=\"\" class=\"wp-image-16422\" style=\"width:734px;height:auto\" srcset=\"https:\/\/ffri.uniri.hr\/wp-content\/uploads\/image-35.png 595w, https:\/\/ffri.uniri.hr\/wp-content\/uploads\/image-35-300x225.png 300w\" sizes=\"(max-width: 595px) 100vw, 595px\" \/><figcaption class=\"wp-element-caption\">Interaktivno predavanje &#8220;Moj profesionalni razvoj\u201d, 27. 3. 2025.<\/figcaption><\/figure>\n\n\n\n<figure class=\"wp-block-image aligncenter size-full is-resized\"><img loading=\"lazy\" decoding=\"async\" width=\"590\" height=\"442\" src=\"https:\/\/ffri.uniri.hr\/wp-content\/uploads\/image-36.png\" alt=\"\" class=\"wp-image-16423\" style=\"width:734px;height:auto\" srcset=\"https:\/\/ffri.uniri.hr\/wp-content\/uploads\/image-36.png 590w, https:\/\/ffri.uniri.hr\/wp-content\/uploads\/image-36-300x225.png 300w\" sizes=\"(max-width: 590px) 100vw, 590px\" \/><figcaption class=\"wp-element-caption\">Predavanje \u201eInformacijsko-komunikacijske tehnologije i odrasle osobe s intelektualnim te\u0161ko\u0107ama\u201d, 13. 3. 2025.<\/figcaption><\/figure>\n\n\n\n<figure class=\"wp-block-image aligncenter size-full is-resized\"><img loading=\"lazy\" decoding=\"async\" width=\"590\" height=\"443\" src=\"https:\/\/ffri.uniri.hr\/wp-content\/uploads\/image-37.png\" alt=\"\" class=\"wp-image-16424\" style=\"width:734px;height:auto\" srcset=\"https:\/\/ffri.uniri.hr\/wp-content\/uploads\/image-37.png 590w, https:\/\/ffri.uniri.hr\/wp-content\/uploads\/image-37-300x225.png 300w\" sizes=\"(max-width: 590px) 100vw, 590px\" \/><figcaption class=\"wp-element-caption\">Predavanje &#8220;Kako (lak\u0161e) na\u0107i posao nakon fakulteta?&#8221;, 23. 1. 2025.<\/figcaption><\/figure>\n\n\n\n<figure class=\"wp-block-image aligncenter size-full is-resized\"><img loading=\"lazy\" decoding=\"async\" width=\"590\" height=\"443\" src=\"https:\/\/ffri.uniri.hr\/wp-content\/uploads\/image-38.png\" alt=\"\" class=\"wp-image-16425\" style=\"width:734px;height:auto\" srcset=\"https:\/\/ffri.uniri.hr\/wp-content\/uploads\/image-38.png 590w, https:\/\/ffri.uniri.hr\/wp-content\/uploads\/image-38-300x225.png 300w\" sizes=\"(max-width: 590px) 100vw, 590px\" \/><figcaption class=\"wp-element-caption\">Predstavljanje tvrtke DanceStar &#8211; &#8220;Od FFRI-ja do karijere u organizaciji doga\u0111anja&#8221;, 16. 1. 2025.<\/figcaption><\/figure>\n\n\n\n<figure class=\"wp-block-image aligncenter size-full is-resized\"><img loading=\"lazy\" decoding=\"async\" width=\"413\" height=\"585\" src=\"https:\/\/ffri.uniri.hr\/wp-content\/uploads\/image-39.png\" alt=\"\" class=\"wp-image-16426\" style=\"width:734px;height:auto\" srcset=\"https:\/\/ffri.uniri.hr\/wp-content\/uploads\/image-39.png 413w, https:\/\/ffri.uniri.hr\/wp-content\/uploads\/image-39-212x300.png 212w\" sizes=\"(max-width: 413px) 100vw, 413px\" \/><figcaption class=\"wp-element-caption\">Zahvalnica Dru\u0161tva za istra\u017eivanje i potporu (DIP), 19. 12. 2024.<\/figcaption><\/figure>\n\n\n\n<figure class=\"wp-block-image aligncenter size-full is-resized\"><img loading=\"lazy\" decoding=\"async\" width=\"584\" height=\"428\" src=\"https:\/\/ffri.uniri.hr\/wp-content\/uploads\/image-40.png\" alt=\"\" class=\"wp-image-16427\" style=\"width:734px;height:auto\" srcset=\"https:\/\/ffri.uniri.hr\/wp-content\/uploads\/image-40.png 584w, https:\/\/ffri.uniri.hr\/wp-content\/uploads\/image-40-300x220.png 300w\" sizes=\"(max-width: 584px) 100vw, 584px\" \/><figcaption class=\"wp-element-caption\">Posjet Centru za rehabilitaciju Rijeka, 13. 12. 2024.<\/figcaption><\/figure>\n\n\n\n<figure class=\"wp-block-image aligncenter size-full is-resized\"><img loading=\"lazy\" decoding=\"async\" width=\"581\" height=\"436\" src=\"https:\/\/ffri.uniri.hr\/wp-content\/uploads\/image-41.png\" alt=\"\" class=\"wp-image-16428\" style=\"width:734px;height:auto\" srcset=\"https:\/\/ffri.uniri.hr\/wp-content\/uploads\/image-41.png 581w, https:\/\/ffri.uniri.hr\/wp-content\/uploads\/image-41-300x225.png 300w\" sizes=\"(max-width: 581px) 100vw, 581px\" \/><figcaption class=\"wp-element-caption\">Predavanje &#8220;\u0160to treba znati o autizmu?\u201d, 28. 11. 2024.<\/figcaption><\/figure>\n\n\n\n<figure class=\"wp-block-image aligncenter size-full is-resized\"><img loading=\"lazy\" decoding=\"async\" width=\"648\" height=\"486\" src=\"https:\/\/ffri.uniri.hr\/wp-content\/uploads\/image-42.png\" alt=\"\" class=\"wp-image-16429\" style=\"width:734px;height:auto\" srcset=\"https:\/\/ffri.uniri.hr\/wp-content\/uploads\/image-42.png 648w, https:\/\/ffri.uniri.hr\/wp-content\/uploads\/image-42-300x225.png 300w\" sizes=\"(max-width: 648px) 100vw, 648px\" \/><figcaption class=\"wp-element-caption\">Dru\u0161tvo \u201eNa\u0161a djeca\u201d Opatija \u2013 predstavljanje mogu\u0107nosti za obavljanje stru\u010dne prakse, 7. 11. 2024.<\/figcaption><\/figure>\n\n\n\n<figure class=\"wp-block-image aligncenter size-full is-resized\"><img loading=\"lazy\" decoding=\"async\" width=\"653\" height=\"435\" src=\"https:\/\/ffri.uniri.hr\/wp-content\/uploads\/image-43.png\" alt=\"\" class=\"wp-image-16430\" style=\"width:734px;height:auto\" srcset=\"https:\/\/ffri.uniri.hr\/wp-content\/uploads\/image-43.png 653w, https:\/\/ffri.uniri.hr\/wp-content\/uploads\/image-43-300x200.png 300w\" sizes=\"(max-width: 653px) 100vw, 653px\" \/><figcaption class=\"wp-element-caption\">Okupljanje karijernih savjetnika, Fakultet organizacije i informatike, Vara\u017edin, 24. 10. 2024.<\/figcaption><\/figure>\n\n\n\n<figure class=\"wp-block-image aligncenter size-full is-resized\"><img loading=\"lazy\" decoding=\"async\" width=\"650\" height=\"454\" src=\"https:\/\/ffri.uniri.hr\/wp-content\/uploads\/image-44.png\" alt=\"\" class=\"wp-image-16431\" style=\"width:734px;height:auto\" srcset=\"https:\/\/ffri.uniri.hr\/wp-content\/uploads\/image-44.png 650w, https:\/\/ffri.uniri.hr\/wp-content\/uploads\/image-44-300x210.png 300w\" sizes=\"(max-width: 650px) 100vw, 650px\" \/><figcaption class=\"wp-element-caption\">Meet &amp; Greet 2024. \u2013 Dan stru\u010dne prakse, karijera i volontiranja, 16. 10. 2024.<\/figcaption><\/figure>\n\n\n\n<figure class=\"wp-block-image aligncenter size-full is-resized\"><img loading=\"lazy\" decoding=\"async\" width=\"647\" height=\"517\" src=\"https:\/\/ffri.uniri.hr\/wp-content\/uploads\/image-45.png\" alt=\"\" class=\"wp-image-16432\" style=\"width:734px;height:auto\" srcset=\"https:\/\/ffri.uniri.hr\/wp-content\/uploads\/image-45.png 647w, https:\/\/ffri.uniri.hr\/wp-content\/uploads\/image-45-300x240.png 300w\" sizes=\"(max-width: 647px) 100vw, 647px\" \/><figcaption class=\"wp-element-caption\">Konferencija \u201eRegija po\u017eeljna za \u017eivot i rad &#8211; predstavljanje istra\u017eivanja o kvaliteti \u017eivota u Primorsko-goranskoj \u017eupaniji\u201d, odr\u017eana u suradnji s Regionalnom razvojnom agencijom Primorsko-goranske \u017eupanije, 16. 10. 2024.<\/figcaption><\/figure>\n\n\n\n<figure class=\"wp-block-image aligncenter size-large\"><img decoding=\"async\" src=\"https:\/\/ffri.uniri.hr\/wp-content\/uploads\/image-20.jpg\" alt=\"\"><figcaption class=\"wp-element-caption\">Demo dan ciklusa edukacija iz poduzetni\u0161tva i financijske pismenosti<em> Misli kao poduzetnik, <\/em>15. 5. 2024., STEP RI<\/figcaption><\/figure>\n\n\n\n<figure class=\"wp-block-image aligncenter size-large is-resized\"><img decoding=\"async\" src=\"https:\/\/ffri.uniri.hr\/wp-content\/uploads\/image-21.jpg\" alt=\"\" style=\"width:765px;height:auto\"><figcaption class=\"wp-element-caption\">Predavanje<em> EU projekti &#8211; moj izbor za karijeru!, <\/em>25. 4. 2024.<\/figcaption><\/figure>\n\n\n\n<figure class=\"wp-block-image aligncenter size-large is-resized\"><img decoding=\"async\" src=\"https:\/\/ffri.uniri.hr\/wp-content\/uploads\/image-22.jpg\" alt=\"\" style=\"width:768px;height:auto\"><figcaption class=\"wp-element-caption\">Radionica<em> Kako malim koracima do\u0107i do velikog cilja \u2013 zaposliti se i ostvariti svoju karijeru<\/em>,28. 3. 2024.<\/figcaption><\/figure>\n\n\n\n<figure class=\"wp-block-image aligncenter size-large\"><img decoding=\"async\" src=\"https:\/\/ffri.uniri.hr\/wp-content\/uploads\/image-23.jpg\" alt=\"\"><figcaption class=\"wp-element-caption\">Predavanje i radionice<em> Aktivnosti doprinosa zajednici kroz pru\u017eanje socijalnih usluga<\/em>, 18. 1. 2024.<\/figcaption><\/figure>\n\n\n\n<figure class=\"wp-block-image aligncenter size-large\"><img decoding=\"async\" src=\"https:\/\/ffri.uniri.hr\/wp-content\/uploads\/image-24.jpg\" alt=\"\"><figcaption class=\"wp-element-caption\">Predavanje<em> Projekti Odsjeka za odgoj, obrazovanje i mlade Grada Rijeke \u2013 kako mogu participirati?, <\/em>30. 11. 2023.<\/figcaption><\/figure>\n\n\n\n<figure class=\"wp-block-image aligncenter size-large is-resized\"><img decoding=\"async\" src=\"https:\/\/ffri.uniri.hr\/wp-content\/uploads\/image-25.jpg\" alt=\"\" style=\"width:767px;height:auto\"><figcaption class=\"wp-element-caption\">Radionica<em> Usvajanje novinarskih vje\u0161tina i izgradnja karijere u medijima<\/em>, 9. 11. 2023.<\/figcaption><\/figure>\n\n\n\n<figure class=\"wp-block-image aligncenter size-large\"><img decoding=\"async\" src=\"https:\/\/ffri.uniri.hr\/wp-content\/uploads\/image-26.jpg\" alt=\"\"><figcaption class=\"wp-element-caption\"><em>Meet &amp; Greet &#8211; Dan stru\u010dne prakse, karijera i volontiranja FFRI, <\/em>11. 10. 2023.<\/figcaption><\/figure>\n\n\n\n<figure class=\"wp-block-image size-full\"><img loading=\"lazy\" decoding=\"async\" width=\"940\" height=\"705\" src=\"https:\/\/ffri.uniri.hr\/wp-content\/uploads\/image-2.png\" alt=\"\" class=\"wp-image-11153\" srcset=\"https:\/\/ffri.uniri.hr\/wp-content\/uploads\/image-2.png 940w, https:\/\/ffri.uniri.hr\/wp-content\/uploads\/image-2-300x225.png 300w, https:\/\/ffri.uniri.hr\/wp-content\/uploads\/image-2-768x576.png 768w\" sizes=\"(max-width: 940px) 100vw, 940px\" \/><figcaption class=\"wp-element-caption\">Predavanje <em>Tr\u017ei\u0161te rada u eri promjena: Analiza suvremenih trendova i va\u017enost jezi\u010dnih vje\u0161tina za zaposlenje<\/em>, 25. 5. 2023.<\/figcaption><\/figure>\n\n\n\n<figure class=\"wp-block-image size-full\"><img loading=\"lazy\" decoding=\"async\" width=\"940\" height=\"705\" src=\"https:\/\/ffri.uniri.hr\/wp-content\/uploads\/image-3.png\" alt=\"\" class=\"wp-image-11155\" srcset=\"https:\/\/ffri.uniri.hr\/wp-content\/uploads\/image-3.png 940w, https:\/\/ffri.uniri.hr\/wp-content\/uploads\/image-3-300x225.png 300w, https:\/\/ffri.uniri.hr\/wp-content\/uploads\/image-3-768x576.png 768w\" sizes=\"(max-width: 940px) 100vw, 940px\" \/><figcaption class=\"wp-element-caption\">Predavanje <em>Chat GPT &amp; AI2.0 \u2013 The Future is Coming<\/em>, 24. 5. 2023.<\/figcaption><\/figure>\n\n\n\n<figure class=\"wp-block-image size-full\"><img loading=\"lazy\" decoding=\"async\" width=\"940\" height=\"705\" src=\"https:\/\/ffri.uniri.hr\/wp-content\/uploads\/image-4.png\" alt=\"\" class=\"wp-image-11158\" srcset=\"https:\/\/ffri.uniri.hr\/wp-content\/uploads\/image-4.png 940w, https:\/\/ffri.uniri.hr\/wp-content\/uploads\/image-4-300x225.png 300w, https:\/\/ffri.uniri.hr\/wp-content\/uploads\/image-4-768x576.png 768w\" sizes=\"(max-width: 940px) 100vw, 940px\" \/><figcaption class=\"wp-element-caption\"><em>Tips and Tricks razredni\u0161tva \u2013 radionice za budu\u0107e nastavnike i stru\u010dne suradnike, 5. i 12. 5. 2023.<\/em><\/figcaption><\/figure>\n\n\n\n<figure class=\"wp-block-image size-full\"><img loading=\"lazy\" decoding=\"async\" width=\"940\" height=\"705\" src=\"https:\/\/ffri.uniri.hr\/wp-content\/uploads\/image-5.png\" alt=\"\" class=\"wp-image-11160\" srcset=\"https:\/\/ffri.uniri.hr\/wp-content\/uploads\/image-5.png 940w, https:\/\/ffri.uniri.hr\/wp-content\/uploads\/image-5-300x225.png 300w, https:\/\/ffri.uniri.hr\/wp-content\/uploads\/image-5-768x576.png 768w\" sizes=\"(max-width: 940px) 100vw, 940px\" \/><figcaption class=\"wp-element-caption\"><em>Demo dan<\/em>, 30. 3. 2023.<\/figcaption><\/figure>\n\n\n\n<figure class=\"wp-block-image aligncenter size-large\"><img loading=\"lazy\" decoding=\"async\" width=\"724\" height=\"1024\" src=\"https:\/\/ffri.uniri.hr\/wp-content\/uploads\/image-6-724x1024.png\" alt=\"\" class=\"wp-image-11161\" srcset=\"https:\/\/ffri.uniri.hr\/wp-content\/uploads\/image-6-724x1024.png 724w, https:\/\/ffri.uniri.hr\/wp-content\/uploads\/image-6-212x300.png 212w, https:\/\/ffri.uniri.hr\/wp-content\/uploads\/image-6-768x1087.png 768w, https:\/\/ffri.uniri.hr\/wp-content\/uploads\/image-6.png 795w\" sizes=\"(max-width: 724px) 100vw, 724px\" \/><figcaption class=\"wp-element-caption\"><em>Filozofiraj kao poduzetnik<\/em>, poduzetni\u010dke radionice Znanstveno \u2013 tehnologijskog parka Sveu\u010dili\u0161ta u Rijeci Step Ri, o\u017eujak 2023.<\/figcaption><\/figure>\n\n\n\n<figure class=\"wp-block-image size-full\"><img loading=\"lazy\" decoding=\"async\" width=\"938\" height=\"703\" src=\"https:\/\/ffri.uniri.hr\/wp-content\/uploads\/image-7.png\" alt=\"\" class=\"wp-image-11162\" srcset=\"https:\/\/ffri.uniri.hr\/wp-content\/uploads\/image-7.png 938w, https:\/\/ffri.uniri.hr\/wp-content\/uploads\/image-7-300x225.png 300w, https:\/\/ffri.uniri.hr\/wp-content\/uploads\/image-7-768x576.png 768w\" sizes=\"(max-width: 938px) 100vw, 938px\" \/><figcaption class=\"wp-element-caption\">Radionica <em>Priprema za zapo\u0161ljavanje \u2013 metode i tehnike aktivnog tra\u017eenja posla, <\/em>26. 1. 2023.<\/figcaption><\/figure>\n\n\n\n<figure class=\"wp-block-image aligncenter size-large\"><img loading=\"lazy\" decoding=\"async\" width=\"724\" height=\"1024\" src=\"https:\/\/ffri.uniri.hr\/wp-content\/uploads\/image-8-724x1024.png\" alt=\"\" class=\"wp-image-11163\" srcset=\"https:\/\/ffri.uniri.hr\/wp-content\/uploads\/image-8-724x1024.png 724w, https:\/\/ffri.uniri.hr\/wp-content\/uploads\/image-8-212x300.png 212w, https:\/\/ffri.uniri.hr\/wp-content\/uploads\/image-8-768x1087.png 768w, https:\/\/ffri.uniri.hr\/wp-content\/uploads\/image-8.png 940w\" sizes=\"(max-width: 724px) 100vw, 724px\" \/><figcaption class=\"wp-element-caption\">Zahvalnica Dru\u0161tva \u201eNa\u0161a djeca Opatija\u201d, 12. 12. 2022.<\/figcaption><\/figure>\n\n\n\n<figure class=\"wp-block-image size-full\"><img loading=\"lazy\" decoding=\"async\" width=\"940\" height=\"704\" src=\"https:\/\/ffri.uniri.hr\/wp-content\/uploads\/image-9.png\" alt=\"\" class=\"wp-image-11164\" srcset=\"https:\/\/ffri.uniri.hr\/wp-content\/uploads\/image-9.png 940w, https:\/\/ffri.uniri.hr\/wp-content\/uploads\/image-9-300x225.png 300w, https:\/\/ffri.uniri.hr\/wp-content\/uploads\/image-9-768x575.png 768w\" sizes=\"(max-width: 940px) 100vw, 940px\" \/><figcaption class=\"wp-element-caption\">Radionica<em> Mobbing na radnome mjestu \u2013 radnopravni aspekti<\/em>, 1. 12. 2022.<\/figcaption><\/figure>\n\n\n\n<figure class=\"wp-block-image size-full\"><img loading=\"lazy\" decoding=\"async\" width=\"940\" height=\"564\" src=\"https:\/\/ffri.uniri.hr\/wp-content\/uploads\/image-10.png\" alt=\"\" class=\"wp-image-11165\" srcset=\"https:\/\/ffri.uniri.hr\/wp-content\/uploads\/image-10.png 940w, https:\/\/ffri.uniri.hr\/wp-content\/uploads\/image-10-300x180.png 300w, https:\/\/ffri.uniri.hr\/wp-content\/uploads\/image-10-768x461.png 768w\" sizes=\"(max-width: 940px) 100vw, 940px\" \/><figcaption class=\"wp-element-caption\"><em>Meet &amp; Greet \u2013 Dan stru\u010dne prakse, karijera i volontiranja FFRI<\/em>, 26. 10. 2022.<\/figcaption><\/figure>\n\n\n\n<figure class=\"wp-block-image aligncenter size-full\"><img loading=\"lazy\" decoding=\"async\" width=\"563\" height=\"422\" src=\"https:\/\/ffri.uniri.hr\/wp-content\/uploads\/image-11.png\" alt=\"\" class=\"wp-image-11166\" srcset=\"https:\/\/ffri.uniri.hr\/wp-content\/uploads\/image-11.png 563w, https:\/\/ffri.uniri.hr\/wp-content\/uploads\/image-11-300x225.png 300w\" sizes=\"(max-width: 563px) 100vw, 563px\" \/><figcaption class=\"wp-element-caption\"><em>Edukacija poslodavaca sa svrhom poticanja uklju\u010divanja ranjivih skupina u programe stru\u010dne prakse, <\/em>28. 9. 2022.<\/figcaption><\/figure>\n\n\n\n<figure class=\"wp-block-image size-full\"><img loading=\"lazy\" decoding=\"async\" width=\"940\" height=\"705\" src=\"https:\/\/ffri.uniri.hr\/wp-content\/uploads\/image-12.png\" alt=\"\" class=\"wp-image-11167\" srcset=\"https:\/\/ffri.uniri.hr\/wp-content\/uploads\/image-12.png 940w, https:\/\/ffri.uniri.hr\/wp-content\/uploads\/image-12-300x225.png 300w, https:\/\/ffri.uniri.hr\/wp-content\/uploads\/image-12-768x576.png 768w\" sizes=\"(max-width: 940px) 100vw, 940px\" \/><figcaption class=\"wp-element-caption\">Radionica <em>Izazovi i benefiti mentoriranja studenata na praksi<\/em>, 13. 7. 2022.<\/figcaption><\/figure>\n\n\n\n<figure class=\"wp-block-image size-full\"><img loading=\"lazy\" decoding=\"async\" width=\"940\" height=\"705\" src=\"https:\/\/ffri.uniri.hr\/wp-content\/uploads\/image-13.png\" alt=\"\" class=\"wp-image-11168\" srcset=\"https:\/\/ffri.uniri.hr\/wp-content\/uploads\/image-13.png 940w, https:\/\/ffri.uniri.hr\/wp-content\/uploads\/image-13-300x225.png 300w, https:\/\/ffri.uniri.hr\/wp-content\/uploads\/image-13-768x576.png 768w\" sizes=\"(max-width: 940px) 100vw, 940px\" \/><figcaption class=\"wp-element-caption\">Radionica <em>Davanje povratnih informacija studentima tijekom prakse<\/em>, 13. 6. 2022.<\/figcaption><\/figure>\n\n\n\n<figure class=\"wp-block-image size-full\"><img loading=\"lazy\" decoding=\"async\" width=\"940\" height=\"705\" src=\"https:\/\/ffri.uniri.hr\/wp-content\/uploads\/image-14.png\" alt=\"\" class=\"wp-image-11169\" srcset=\"https:\/\/ffri.uniri.hr\/wp-content\/uploads\/image-14.png 940w, https:\/\/ffri.uniri.hr\/wp-content\/uploads\/image-14-300x225.png 300w, https:\/\/ffri.uniri.hr\/wp-content\/uploads\/image-14-768x576.png 768w\" sizes=\"(max-width: 940px) 100vw, 940px\" \/><figcaption class=\"wp-element-caption\">Radionica <em>Od Filozofskog fakulteta u Rijeci do karijere u novim zanimanjima: IT, HR, Data Research i Business Development<\/em>, 26. 5. 2022.<\/figcaption><\/figure>\n\n\n\n<figure class=\"wp-block-image size-full\"><img loading=\"lazy\" decoding=\"async\" width=\"940\" height=\"705\" src=\"https:\/\/ffri.uniri.hr\/wp-content\/uploads\/image-15.png\" alt=\"\" class=\"wp-image-11170\" srcset=\"https:\/\/ffri.uniri.hr\/wp-content\/uploads\/image-15.png 940w, https:\/\/ffri.uniri.hr\/wp-content\/uploads\/image-15-300x225.png 300w, https:\/\/ffri.uniri.hr\/wp-content\/uploads\/image-15-768x576.png 768w\" sizes=\"(max-width: 940px) 100vw, 940px\" \/><figcaption class=\"wp-element-caption\"><em>Demo dan poslovnih ideja studenata Filozofskoga fakulteta u Rijeci, <\/em>20. 5. 2022.<\/figcaption><\/figure>\n\n\n\n<figure class=\"wp-block-image size-full\"><img loading=\"lazy\" decoding=\"async\" width=\"940\" height=\"705\" src=\"https:\/\/ffri.uniri.hr\/wp-content\/uploads\/image-16.png\" alt=\"\" class=\"wp-image-11171\" srcset=\"https:\/\/ffri.uniri.hr\/wp-content\/uploads\/image-16.png 940w, https:\/\/ffri.uniri.hr\/wp-content\/uploads\/image-16-300x225.png 300w, https:\/\/ffri.uniri.hr\/wp-content\/uploads\/image-16-768x576.png 768w\" sizes=\"(max-width: 940px) 100vw, 940px\" \/><figcaption class=\"wp-element-caption\">Radionica <em>Trendovi i mogu\u0107nosti karijere u digitalnom marketingu<\/em>, 12. 5. 2022.<\/figcaption><\/figure>\n\n\n\n<figure class=\"wp-block-image size-full\"><img loading=\"lazy\" decoding=\"async\" width=\"940\" height=\"704\" src=\"https:\/\/ffri.uniri.hr\/wp-content\/uploads\/image-17.png\" alt=\"\" class=\"wp-image-11172\" srcset=\"https:\/\/ffri.uniri.hr\/wp-content\/uploads\/image-17.png 940w, https:\/\/ffri.uniri.hr\/wp-content\/uploads\/image-17-300x225.png 300w, https:\/\/ffri.uniri.hr\/wp-content\/uploads\/image-17-768x575.png 768w\" sizes=\"(max-width: 940px) 100vw, 940px\" \/><figcaption class=\"wp-element-caption\">Radionica <em>Zablistaj pred poslodavcem!<\/em>, 21. 4. 2022.<\/figcaption><\/figure>\n\n\n\n<figure class=\"wp-block-image size-full\"><img loading=\"lazy\" decoding=\"async\" width=\"940\" height=\"705\" src=\"https:\/\/ffri.uniri.hr\/wp-content\/uploads\/image-18.png\" alt=\"\" class=\"wp-image-11173\" srcset=\"https:\/\/ffri.uniri.hr\/wp-content\/uploads\/image-18.png 940w, https:\/\/ffri.uniri.hr\/wp-content\/uploads\/image-18-300x225.png 300w, https:\/\/ffri.uniri.hr\/wp-content\/uploads\/image-18-768x576.png 768w\" sizes=\"(max-width: 940px) 100vw, 940px\" \/><figcaption class=\"wp-element-caption\"><em>Dani stru\u010dne prakse Filozofskoga fakulteta u Rijeci<\/em>, 10. 3. 2022.<\/figcaption><\/figure>\n\n\n\n<figure class=\"wp-block-image size-full\"><img loading=\"lazy\" decoding=\"async\" width=\"940\" height=\"705\" src=\"https:\/\/ffri.uniri.hr\/wp-content\/uploads\/image-19.png\" alt=\"\" class=\"wp-image-11174\" srcset=\"https:\/\/ffri.uniri.hr\/wp-content\/uploads\/image-19.png 940w, https:\/\/ffri.uniri.hr\/wp-content\/uploads\/image-19-300x225.png 300w, https:\/\/ffri.uniri.hr\/wp-content\/uploads\/image-19-768x576.png 768w\" sizes=\"(max-width: 940px) 100vw, 940px\" \/><figcaption class=\"wp-element-caption\"><em>Dani stru\u010dne prakse Filozofskoga fakulteta u Rijeci<\/em>, 5. 10. 2021.<\/figcaption><\/figure>\n\n\n\n<p><\/p>\n\n<\/div>\n\t\t<\/div>\n<\/div>\n\n\n<p><\/p>\n","protected":false},"excerpt":{"rendered":"<p>The Career Office of the Faculty of Humanities and Social Sciences, University of Rijeka, was established in July 2021 as part of the PerPeTuUm aGile project (https:\/\/perpetuumagile.uniri.hr\/), funded by the European Social Fund (ESF) under the Operational Programme Efficient Human Resources 2014\u20132020. The project aimed to enhance existing models of professional practice and develop new [&hellip;]<\/p>\n","protected":false},"author":4,"featured_media":0,"parent":8700,"menu_order":2,"comment_status":"closed","ping_status":"closed","template":"","meta":{"_acf_changed":false,"ub_ctt_via":"","footnotes":""},"class_list":["post-8702","page","type-page","status-publish","hentry"],"acf":[],"featured_image_src":null,"_links":{"self":[{"href":"https:\/\/ffri.uniri.hr\/en\/wp-json\/wp\/v2\/pages\/8702","targetHints":{"allow":["GET"]}}],"collection":[{"href":"https:\/\/ffri.uniri.hr\/en\/wp-json\/wp\/v2\/pages"}],"about":[{"href":"https:\/\/ffri.uniri.hr\/en\/wp-json\/wp\/v2\/types\/page"}],"author":[{"embeddable":true,"href":"https:\/\/ffri.uniri.hr\/en\/wp-json\/wp\/v2\/users\/4"}],"replies":[{"embeddable":true,"href":"https:\/\/ffri.uniri.hr\/en\/wp-json\/wp\/v2\/comments?post=8702"}],"version-history":[{"count":7,"href":"https:\/\/ffri.uniri.hr\/en\/wp-json\/wp\/v2\/pages\/8702\/revisions"}],"predecessor-version":[{"id":19594,"href":"https:\/\/ffri.uniri.hr\/en\/wp-json\/wp\/v2\/pages\/8702\/revisions\/19594"}],"up":[{"embeddable":true,"href":"https:\/\/ffri.uniri.hr\/en\/wp-json\/wp\/v2\/pages\/8700"}],"wp:attachment":[{"href":"https:\/\/ffri.uniri.hr\/en\/wp-json\/wp\/v2\/media?parent=8702"}],"curies":[{"name":"wp","href":"https:\/\/api.w.org\/{rel}","templated":true}]}}